{"id":283,"date":"2021-08-14T12:25:19","date_gmt":"2021-08-14T11:25:19","guid":{"rendered":"http:\/\/amribes.cat\/?page_id=283"},"modified":"2025-07-22T12:30:32","modified_gmt":"2025-07-22T11:30:32","slug":"colonies","status":"publish","type":"page","link":"https:\/\/amribes.cat\/index.php\/colonies\/","title":{"rendered":"Col\u00f2nies"},"content":{"rendered":"\n<div class=\"wp-block-group alignwide\"><div class=\"wp-block-group__inner-container is-layout-flow wp-block-group-is-layout-flow\">\n<div class=\"wp-block-cover\" style=\"min-height:420px;aspect-ratio:unset;\"><img loading=\"lazy\" decoding=\"async\" width=\"2560\" height=\"1920\" class=\"wp-block-cover__image-background wp-image-296\" alt=\"\" src=\"http:\/\/amribes.cat\/wp-content\/uploads\/2021\/08\/2014-07-13-11.58.31-scaled.jpg\" data-object-fit=\"cover\" srcset=\"https:\/\/amribes.cat\/wp-content\/uploads\/2021\/08\/2014-07-13-11.58.31-scaled.jpg 2560w, https:\/\/amribes.cat\/wp-content\/uploads\/2021\/08\/2014-07-13-11.58.31-300x225.jpg 300w, https:\/\/amribes.cat\/wp-content\/uploads\/2021\/08\/2014-07-13-11.58.31-1024x768.jpg 1024w, https:\/\/amribes.cat\/wp-content\/uploads\/2021\/08\/2014-07-13-11.58.31-768x576.jpg 768w, https:\/\/amribes.cat\/wp-content\/uploads\/2021\/08\/2014-07-13-11.58.31-1536x1152.jpg 1536w, https:\/\/amribes.cat\/wp-content\/uploads\/2021\/08\/2014-07-13-11.58.31-2048x1536.jpg 2048w, https:\/\/amribes.cat\/wp-content\/uploads\/2021\/08\/2014-07-13-11.58.31-960x720.jpg 960w, https:\/\/amribes.cat\/wp-content\/uploads\/2021\/08\/2014-07-13-11.58.31-640x480.jpg 640w\" sizes=\"auto, (max-width: 2560px) 100vw, 2560px\" \/><span aria-hidden=\"true\" class=\"wp-block-cover__background has-background-dim\"><\/span><div class=\"wp-block-cover__inner-container is-layout-flow wp-block-cover-is-layout-flow\">\n<p class=\"has-text-align-center has-large-font-size\">Campus musical d&#8217;estiu a Moi\u00e0<\/p>\n<\/div><\/div>\n\n\n\n<p><strong><a href=\"https:\/\/associacions.joventutsmusicals.cat\/moia\/ca\/campus.html\" data-type=\"URL\" data-id=\"https:\/\/associacions.joventutsmusicals.cat\/moia\/ca\/campus.html\" target=\"_blank\" rel=\"noreferrer noopener\">Col\u00f2nies del 2 al 10 d&#8217;agost de 2025<\/a><\/strong><\/p>\n\n\n\n<figure class=\"wp-block-gallery has-nested-images columns-default is-cropped wp-block-gallery-1 is-layout-flex wp-block-gallery-is-layout-flex\">\n<figure class=\"wp-block-image size-large\"><img loading=\"lazy\" decoding=\"async\" width=\"1024\" height=\"768\" data-id=\"296\" src=\"http:\/\/amribes.cat\/wp-content\/uploads\/2021\/08\/2014-07-13-11.58.31-1024x768.jpg\" alt=\"\" class=\"wp-image-296\" srcset=\"https:\/\/amribes.cat\/wp-content\/uploads\/2021\/08\/2014-07-13-11.58.31-1024x768.jpg 1024w, https:\/\/amribes.cat\/wp-content\/uploads\/2021\/08\/2014-07-13-11.58.31-300x225.jpg 300w, https:\/\/amribes.cat\/wp-content\/uploads\/2021\/08\/2014-07-13-11.58.31-768x576.jpg 768w, https:\/\/amribes.cat\/wp-content\/uploads\/2021\/08\/2014-07-13-11.58.31-1536x1152.jpg 1536w, https:\/\/amribes.cat\/wp-content\/uploads\/2021\/08\/2014-07-13-11.58.31-2048x1536.jpg 2048w, https:\/\/amribes.cat\/wp-content\/uploads\/2021\/08\/2014-07-13-11.58.31-960x720.jpg 960w, https:\/\/amribes.cat\/wp-content\/uploads\/2021\/08\/2014-07-13-11.58.31-640x480.jpg 640w\" sizes=\"auto, (max-width: 1024px) 100vw, 1024px\" \/><figcaption class=\"wp-element-caption\"><strong><span class=\"has-inline-color has-gold-color\">El Mol\u00ed a Moi\u00e0<\/span><\/strong><\/figcaption><\/figure>\n\n\n\n<figure class=\"wp-block-image size-large\"><img loading=\"lazy\" decoding=\"async\" width=\"1024\" height=\"768\" data-id=\"297\" src=\"http:\/\/amribes.cat\/wp-content\/uploads\/2021\/08\/2014-07-13-11.58.06-1024x768.jpg\" alt=\"\" class=\"wp-image-297\" srcset=\"https:\/\/amribes.cat\/wp-content\/uploads\/2021\/08\/2014-07-13-11.58.06-1024x768.jpg 1024w, https:\/\/amribes.cat\/wp-content\/uploads\/2021\/08\/2014-07-13-11.58.06-300x225.jpg 300w, https:\/\/amribes.cat\/wp-content\/uploads\/2021\/08\/2014-07-13-11.58.06-768x576.jpg 768w, https:\/\/amribes.cat\/wp-content\/uploads\/2021\/08\/2014-07-13-11.58.06-1536x1152.jpg 1536w, https:\/\/amribes.cat\/wp-content\/uploads\/2021\/08\/2014-07-13-11.58.06-2048x1536.jpg 2048w, https:\/\/amribes.cat\/wp-content\/uploads\/2021\/08\/2014-07-13-11.58.06-960x720.jpg 960w, https:\/\/amribes.cat\/wp-content\/uploads\/2021\/08\/2014-07-13-11.58.06-640x480.jpg 640w\" sizes=\"auto, (max-width: 1024px) 100vw, 1024px\" \/><figcaption class=\"wp-element-caption\"><strong><span class=\"has-inline-color has-gold-color\">M\u00fasica a la natura<\/span><\/strong><\/figcaption><\/figure>\n\n\n\n<figure class=\"wp-block-image size-large\"><img loading=\"lazy\" decoding=\"async\" width=\"1024\" height=\"768\" data-id=\"292\" src=\"http:\/\/amribes.cat\/wp-content\/uploads\/2021\/08\/Orquesta-Italia-2008-1024x768.jpg\" alt=\"\" class=\"wp-image-292\" srcset=\"https:\/\/amribes.cat\/wp-content\/uploads\/2021\/08\/Orquesta-Italia-2008-1024x768.jpg 1024w, https:\/\/amribes.cat\/wp-content\/uploads\/2021\/08\/Orquesta-Italia-2008-300x225.jpg 300w, https:\/\/amribes.cat\/wp-content\/uploads\/2021\/08\/Orquesta-Italia-2008-768x576.jpg 768w, https:\/\/amribes.cat\/wp-content\/uploads\/2021\/08\/Orquesta-Italia-2008-1536x1152.jpg 1536w, https:\/\/amribes.cat\/wp-content\/uploads\/2021\/08\/Orquesta-Italia-2008-2048x1536.jpg 2048w, https:\/\/amribes.cat\/wp-content\/uploads\/2021\/08\/Orquesta-Italia-2008-960x720.jpg 960w, https:\/\/amribes.cat\/wp-content\/uploads\/2021\/08\/Orquesta-Italia-2008-640x480.jpg 640w\" sizes=\"auto, (max-width: 1024px) 100vw, 1024px\" \/><figcaption class=\"wp-element-caption\"><strong><span class=\"has-inline-color has-gold-color\">Concerts<\/span><\/strong><\/figcaption><\/figure>\n\n\n\n<figure class=\"wp-block-image size-large\"><img loading=\"lazy\" decoding=\"async\" width=\"768\" height=\"1024\" data-id=\"301\" src=\"http:\/\/amribes.cat\/wp-content\/uploads\/2021\/08\/IMG_5105-768x1024.jpg\" alt=\"\" class=\"wp-image-301\" srcset=\"https:\/\/amribes.cat\/wp-content\/uploads\/2021\/08\/IMG_5105-768x1024.jpg 768w, https:\/\/amribes.cat\/wp-content\/uploads\/2021\/08\/IMG_5105-225x300.jpg 225w, https:\/\/amribes.cat\/wp-content\/uploads\/2021\/08\/IMG_5105-1152x1536.jpg 1152w, https:\/\/amribes.cat\/wp-content\/uploads\/2021\/08\/IMG_5105-1536x2048.jpg 1536w, https:\/\/amribes.cat\/wp-content\/uploads\/2021\/08\/IMG_5105-scaled.jpg 1920w\" sizes=\"auto, (max-width: 768px) 100vw, 768px\" \/><figcaption class=\"wp-element-caption\"><strong><span class=\"has-inline-color has-gold-color\">Compartim experi\u00e8ncies<\/span><\/strong><\/figcaption><\/figure>\n\n\n\n<figure class=\"wp-block-image size-large\"><img loading=\"lazy\" decoding=\"async\" width=\"768\" height=\"1024\" data-id=\"302\" src=\"http:\/\/amribes.cat\/wp-content\/uploads\/2021\/08\/IMG_5108-768x1024.jpg\" alt=\"\" class=\"wp-image-302\" srcset=\"https:\/\/amribes.cat\/wp-content\/uploads\/2021\/08\/IMG_5108-768x1024.jpg 768w, https:\/\/amribes.cat\/wp-content\/uploads\/2021\/08\/IMG_5108-225x300.jpg 225w, https:\/\/amribes.cat\/wp-content\/uploads\/2021\/08\/IMG_5108-1152x1536.jpg 1152w, https:\/\/amribes.cat\/wp-content\/uploads\/2021\/08\/IMG_5108-1536x2048.jpg 1536w, https:\/\/amribes.cat\/wp-content\/uploads\/2021\/08\/IMG_5108-scaled.jpg 1920w\" sizes=\"auto, (max-width: 768px) 100vw, 768px\" \/><figcaption class=\"wp-element-caption\"><strong><span class=\"has-inline-color has-gold-color\">M\u00fasica amb perspectiva<\/span><\/strong><\/figcaption><\/figure>\n\n\n\n<figure class=\"wp-block-image size-large\"><img loading=\"lazy\" decoding=\"async\" width=\"1024\" height=\"768\" data-id=\"303\" src=\"http:\/\/amribes.cat\/wp-content\/uploads\/2021\/08\/IMG_5109-1024x768.jpg\" alt=\"\" class=\"wp-image-303\" srcset=\"https:\/\/amribes.cat\/wp-content\/uploads\/2021\/08\/IMG_5109-1024x768.jpg 1024w, https:\/\/amribes.cat\/wp-content\/uploads\/2021\/08\/IMG_5109-300x225.jpg 300w, https:\/\/amribes.cat\/wp-content\/uploads\/2021\/08\/IMG_5109-768x576.jpg 768w, https:\/\/amribes.cat\/wp-content\/uploads\/2021\/08\/IMG_5109-1536x1152.jpg 1536w, https:\/\/amribes.cat\/wp-content\/uploads\/2021\/08\/IMG_5109-2048x1536.jpg 2048w, https:\/\/amribes.cat\/wp-content\/uploads\/2021\/08\/IMG_5109-960x720.jpg 960w, https:\/\/amribes.cat\/wp-content\/uploads\/2021\/08\/IMG_5109-640x480.jpg 640w\" sizes=\"auto, (max-width: 1024px) 100vw, 1024px\" \/><figcaption class=\"wp-element-caption\"><strong><span class=\"has-inline-color has-gold-color\">Treball de conjunt<\/span><\/strong><\/figcaption><\/figure>\n\n\n\n<figure class=\"wp-block-image size-large\"><img loading=\"lazy\" decoding=\"async\" width=\"1024\" height=\"768\" data-id=\"304\" src=\"http:\/\/amribes.cat\/wp-content\/uploads\/2021\/08\/IMG_5158-1024x768.jpg\" alt=\"\" class=\"wp-image-304\" srcset=\"https:\/\/amribes.cat\/wp-content\/uploads\/2021\/08\/IMG_5158-1024x768.jpg 1024w, https:\/\/amribes.cat\/wp-content\/uploads\/2021\/08\/IMG_5158-300x225.jpg 300w, https:\/\/amribes.cat\/wp-content\/uploads\/2021\/08\/IMG_5158-768x576.jpg 768w, https:\/\/amribes.cat\/wp-content\/uploads\/2021\/08\/IMG_5158-1536x1152.jpg 1536w, https:\/\/amribes.cat\/wp-content\/uploads\/2021\/08\/IMG_5158-2048x1536.jpg 2048w, https:\/\/amribes.cat\/wp-content\/uploads\/2021\/08\/IMG_5158-960x720.jpg 960w, https:\/\/amribes.cat\/wp-content\/uploads\/2021\/08\/IMG_5158-640x480.jpg 640w\" sizes=\"auto, (max-width: 1024px) 100vw, 1024px\" \/><figcaption class=\"wp-element-caption\"><strong><span class=\"has-inline-color has-gold-color\">Vetllades art\u00edstiques<\/span><\/strong><\/figcaption><\/figure>\n\n\n\n<figure class=\"wp-block-image size-large\"><img loading=\"lazy\" decoding=\"async\" width=\"1024\" height=\"768\" data-id=\"307\" src=\"http:\/\/amribes.cat\/wp-content\/uploads\/2021\/08\/IMG_1318-1024x768.jpg\" alt=\"\" class=\"wp-image-307\" srcset=\"https:\/\/amribes.cat\/wp-content\/uploads\/2021\/08\/IMG_1318-1024x768.jpg 1024w, https:\/\/amribes.cat\/wp-content\/uploads\/2021\/08\/IMG_1318-300x225.jpg 300w, https:\/\/amribes.cat\/wp-content\/uploads\/2021\/08\/IMG_1318-768x576.jpg 768w, https:\/\/amribes.cat\/wp-content\/uploads\/2021\/08\/IMG_1318-1536x1152.jpg 1536w, https:\/\/amribes.cat\/wp-content\/uploads\/2021\/08\/IMG_1318-2048x1536.jpg 2048w, https:\/\/amribes.cat\/wp-content\/uploads\/2021\/08\/IMG_1318-960x720.jpg 960w, https:\/\/amribes.cat\/wp-content\/uploads\/2021\/08\/IMG_1318-640x480.jpg 640w\" sizes=\"auto, (max-width: 1024px) 100vw, 1024px\" \/><figcaption class=\"wp-element-caption\"><strong><span class=\"has-inline-color has-gold-color\">Una casa amb caliu<\/span><\/strong><\/figcaption><\/figure>\n\n\n\n<figure class=\"wp-block-image size-large\"><img loading=\"lazy\" decoding=\"async\" width=\"1024\" height=\"768\" data-id=\"306\" src=\"http:\/\/amribes.cat\/wp-content\/uploads\/2021\/08\/IMG_1316-1024x768.jpg\" alt=\"\" class=\"wp-image-306\" srcset=\"https:\/\/amribes.cat\/wp-content\/uploads\/2021\/08\/IMG_1316-1024x768.jpg 1024w, https:\/\/amribes.cat\/wp-content\/uploads\/2021\/08\/IMG_1316-300x225.jpg 300w, https:\/\/amribes.cat\/wp-content\/uploads\/2021\/08\/IMG_1316-768x576.jpg 768w, https:\/\/amribes.cat\/wp-content\/uploads\/2021\/08\/IMG_1316-1536x1152.jpg 1536w, https:\/\/amribes.cat\/wp-content\/uploads\/2021\/08\/IMG_1316-2048x1536.jpg 2048w, https:\/\/amribes.cat\/wp-content\/uploads\/2021\/08\/IMG_1316-960x720.jpg 960w, https:\/\/amribes.cat\/wp-content\/uploads\/2021\/08\/IMG_1316-640x480.jpg 640w\" sizes=\"auto, (max-width: 1024px) 100vw, 1024px\" \/><figcaption class=\"wp-element-caption\"><strong><span class=\"has-inline-color has-gold-color\">Moltes partitures&#8230;<\/span><\/strong><\/figcaption><\/figure>\n\n\n\n<figure class=\"wp-block-image size-large\"><img loading=\"lazy\" decoding=\"async\" width=\"1024\" height=\"768\" data-id=\"305\" src=\"http:\/\/amribes.cat\/wp-content\/uploads\/2021\/08\/IMG_5198-1024x768.jpg\" alt=\"\" class=\"wp-image-305\" srcset=\"https:\/\/amribes.cat\/wp-content\/uploads\/2021\/08\/IMG_5198-1024x768.jpg 1024w, https:\/\/amribes.cat\/wp-content\/uploads\/2021\/08\/IMG_5198-300x225.jpg 300w, https:\/\/amribes.cat\/wp-content\/uploads\/2021\/08\/IMG_5198-768x576.jpg 768w, https:\/\/amribes.cat\/wp-content\/uploads\/2021\/08\/IMG_5198-1536x1152.jpg 1536w, https:\/\/amribes.cat\/wp-content\/uploads\/2021\/08\/IMG_5198-2048x1536.jpg 2048w, https:\/\/amribes.cat\/wp-content\/uploads\/2021\/08\/IMG_5198-960x720.jpg 960w, https:\/\/amribes.cat\/wp-content\/uploads\/2021\/08\/IMG_5198-640x480.jpg 640w\" sizes=\"auto, (max-width: 1024px) 100vw, 1024px\" \/><figcaption class=\"wp-element-caption\"><strong><span class=\"has-inline-color has-gold-color\">Concert al casal d&#8217;avis<\/span><\/strong><\/figcaption><\/figure>\n\n\n\n<figure class=\"wp-block-image size-large\"><img loading=\"lazy\" decoding=\"async\" width=\"768\" height=\"1024\" data-id=\"309\" src=\"http:\/\/amribes.cat\/wp-content\/uploads\/2021\/08\/IMG_1473-768x1024.jpg\" alt=\"Campus musical d'estiu\" class=\"wp-image-309\" srcset=\"https:\/\/amribes.cat\/wp-content\/uploads\/2021\/08\/IMG_1473-768x1024.jpg 768w, https:\/\/amribes.cat\/wp-content\/uploads\/2021\/08\/IMG_1473-225x300.jpg 225w, https:\/\/amribes.cat\/wp-content\/uploads\/2021\/08\/IMG_1473-1152x1536.jpg 1152w, https:\/\/amribes.cat\/wp-content\/uploads\/2021\/08\/IMG_1473-1536x2048.jpg 1536w, https:\/\/amribes.cat\/wp-content\/uploads\/2021\/08\/IMG_1473-scaled.jpg 1920w\" sizes=\"auto, (max-width: 768px) 100vw, 768px\" \/><figcaption class=\"wp-element-caption\"><strong><span class=\"has-inline-color has-gold-color\">Concert de cloenda<\/span><\/strong><\/figcaption><\/figure>\n<\/figure>\n<\/div><\/div>\n\n\n\n<p>Text extret de la web de <a href=\"https:\/\/asociaciones.jmspain.org\/moia\">Joventuts Musicals de Moi\u00e0<\/a>:<\/p>\n\n\n\n<p>El nostre curs est\u00e0 adre\u00e7at&nbsp;<strong>a alumnes de qualsevol instrument<\/strong>&nbsp;que tinguin un coneixement elemental, mig o superior d&#8217;algun instrument musical i vulguin gaudir d&#8217;una estada on es combinen les&nbsp;<strong>masterclass instrumentals<\/strong>&nbsp;amb la pr\u00e0ctica de la&nbsp;<strong>m\u00fasica de cambra<\/strong>&nbsp;en unes conviv\u00e8ncies musicals en plena natura i farcides d&#8217;activitats (jocs de tarda i nit, excursions, vetllades i concerts).<\/p>\n\n\n\n<p>L&#8217;activitat culminar\u00e0 amb un concert de cloenda que tindr\u00e0 lloc al Festival Vi\u00f1as&nbsp; el diumenge on tots els participants s&#8217;integraran en alguna pe\u00e7a a l&#8217;orquestra i grups&nbsp; del Campus Musical.<\/p>\n","protected":false},"excerpt":{"rendered":"<p>Col\u00f2nies del 2 al 10 d&#8217;agost de 2025 Text extret de la web de Joventuts Musicals de Moi\u00e0: El nostre curs est\u00e0 adre\u00e7at&nbsp;a alumnes de qualsevol instrument&nbsp;que tinguin un coneixement<a href=\"https:\/\/amribes.cat\/index.php\/colonies\/\" class=\"more-link\"><span class=\"readmore\">Seguir leyendo<span class=\"screen-reader-text\">Col\u00f2nies<\/span><\/span><\/a><\/p>\n","protected":false},"author":1,"featured_media":0,"parent":0,"menu_order":0,"comment_status":"closed","ping_status":"closed","template":"","meta":{"footnotes":""},"class_list":["post-283","page","type-page","status-publish","hentry"],"_links":{"self":[{"href":"https:\/\/amribes.cat\/index.php\/wp-json\/wp\/v2\/pages\/283","targetHints":{"allow":["GET"]}}],"collection":[{"href":"https:\/\/amribes.cat\/index.php\/wp-json\/wp\/v2\/pages"}],"about":[{"href":"https:\/\/amribes.cat\/index.php\/wp-json\/wp\/v2\/types\/page"}],"author":[{"embeddable":true,"href":"https:\/\/amribes.cat\/index.php\/wp-json\/wp\/v2\/users\/1"}],"replies":[{"embeddable":true,"href":"https:\/\/amribes.cat\/index.php\/wp-json\/wp\/v2\/comments?post=283"}],"version-history":[{"count":10,"href":"https:\/\/amribes.cat\/index.php\/wp-json\/wp\/v2\/pages\/283\/revisions"}],"predecessor-version":[{"id":622,"href":"https:\/\/amribes.cat\/index.php\/wp-json\/wp\/v2\/pages\/283\/revisions\/622"}],"wp:attachment":[{"href":"https:\/\/amribes.cat\/index.php\/wp-json\/wp\/v2\/media?parent=283"}],"curies":[{"name":"wp","href":"https:\/\/api.w.org\/{rel}","templated":true}]}}